{"id":432,"date":"2023-03-31T12:06:11","date_gmt":"2023-03-31T17:06:11","guid":{"rendered":"https:\/\/panoramicacartagena.com\/?page_id=432"},"modified":"2026-04-26T09:07:47","modified_gmt":"2026-04-26T14:07:47","slug":"eventos","status":"publish","type":"page","link":"https:\/\/panoramicacartagena.com\/en\/eventos\/","title":{"rendered":"Events"},"content":{"rendered":"<div data-elementor-type=\"wp-post\" data-elementor-id=\"432\" class=\"elementor elementor-432\" data-elementor-post-type=\"page\">\n\t\t\t\t\t\t<section class=\"elementor-section elementor-top-section elementor-element elementor-element-0b26529 elementor-section-full_width evento-burger elementor-section-height-default elementor-section-height-default\" data-id=\"0b26529\" data-element_type=\"section\" id=\"event\" data-settings=\"{&quot;background_background&quot;:&quot;classic&quot;}\">\n\t\t\t\t\t\t<div class=\"elementor-container elementor-column-gap-default\">\n\t\t\t\t\t<div class=\"elementor-column elementor-col-50 elementor-top-column elementor-element elementor-element-9d83e8a\" data-id=\"9d83e8a\" data-element_type=\"column\">\n\t\t\t<div class=\"elementor-widget-wrap elementor-element-populated\">\n\t\t\t\t\t\t<div class=\"elementor-element elementor-element-b621224 elementor-widget elementor-widget-image\" data-id=\"b621224\" data-element_type=\"widget\" data-widget_type=\"image.default\">\n\t\t\t\t<div class=\"elementor-widget-container\">\n\t\t\t\t\t\t\t\t\t\t\t\t\t\t\t<img fetchpriority=\"high\" decoding=\"async\" width=\"480\" height=\"600\" src=\"https:\/\/panoramicacartagena.com\/wp-content\/uploads\/2026\/04\/terraza-panoramica-burger-fest-italian-burger-cartagena.webp\" class=\"attachment-large size-large wp-image-2188\" alt=\"Hamburguesa Italian Burger promocionada en Burger Fest de Terraza Panor\u00e1mica Cartagena.\" srcset=\"https:\/\/panoramicacartagena.com\/wp-content\/uploads\/2026\/04\/terraza-panoramica-burger-fest-italian-burger-cartagena.webp 480w, https:\/\/panoramicacartagena.com\/wp-content\/uploads\/2026\/04\/terraza-panoramica-burger-fest-italian-burger-cartagena-240x300.webp 240w, https:\/\/panoramicacartagena.com\/wp-content\/uploads\/2026\/04\/terraza-panoramica-burger-fest-italian-burger-cartagena-10x12.webp 10w\" sizes=\"(max-width: 480px) 100vw, 480px\" \/>\t\t\t\t\t\t\t\t\t\t\t\t\t\t\t<\/div>\n\t\t\t\t<\/div>\n\t\t\t\t\t<\/div>\n\t\t<\/div>\n\t\t\t\t<div class=\"elementor-column elementor-col-50 elementor-top-column elementor-element elementor-element-b8dab72\" data-id=\"b8dab72\" data-element_type=\"column\">\n\t\t\t<div class=\"elementor-widget-wrap elementor-element-populated\">\n\t\t\t\t\t\t<div class=\"elementor-element elementor-element-7b1572e elementor-widget__width-initial elementor-widget-mobile__width-initial elementor-widget elementor-widget-heading\" data-id=\"7b1572e\" data-element_type=\"widget\" data-widget_type=\"heading.default\">\n\t\t\t\t<div class=\"elementor-widget-container\">\n\t\t\t\t\t<h2 class=\"elementor-heading-title elementor-size-default\">BURGER FEST<\/h2>\t\t\t\t<\/div>\n\t\t\t\t<\/div>\n\t\t\t\t<div class=\"elementor-element elementor-element-030a8f8 elementor-widget__width-initial elementor-widget-tablet__width-initial elementor-widget-mobile__width-initial elementor-widget elementor-widget-text-editor\" data-id=\"030a8f8\" data-element_type=\"widget\" data-widget_type=\"text-editor.default\">\n\t\t\t\t<div class=\"elementor-widget-container\">\n\t\t\t\t\t\t\t\t\t<p>Burger Fest lleg\u00f3 a Panor\u00e1mica<\/p><p>Descubre la ITALIANI BURGER por solo $21.000<br \/>El sabor de Italia en cada bocado.<\/p><p>Desde las 4:00 pm<\/p><p><strong>D\u00cdA<\/strong><br \/>Del 19 al 25 de abril 2026<\/p>\t\t\t\t\t\t\t\t<\/div>\n\t\t\t\t<\/div>\n\t\t\t\t<div class=\"elementor-element elementor-element-a1026d4 elementor-button-info elementor-align-left elementor-mobile-align-center elementor-widget elementor-widget-button\" data-id=\"a1026d4\" data-element_type=\"widget\" id=\"burger_fest\" data-widget_type=\"button.default\">\n\t\t\t\t<div class=\"elementor-widget-container\">\n\t\t\t\t\t\t\t\t\t<div class=\"elementor-button-wrapper\">\n\t\t\t\t\t<a class=\"elementor-button elementor-button-link elementor-size-sm elementor-animation-shrink\" href=\"https:\/\/wa.me\/573136278059?text=Hola%2C%20estoy%20interesado%20en%20recibir%20m%C3%A1s%20informaci%C3%B3n%20sobre%20Burger%20Fest%20en%20Terraza%20Panor%C3%A1mica.\" target=\"_blank\" id=\"evento_confirmation\">\n\t\t\t\t\t\t<span class=\"elementor-button-content-wrapper\">\n\t\t\t\t\t\t\t\t\t<span class=\"elementor-button-text\">M\u00e1s Informaci\u00f3n.<\/span>\n\t\t\t\t\t<\/span>\n\t\t\t\t\t<\/a>\n\t\t\t\t<\/div>\n\t\t\t\t\t\t\t\t<\/div>\n\t\t\t\t<\/div>\n\t\t\t\t<div class=\"elementor-element elementor-element-3c6381a elementor-widget elementor-widget-spacer\" data-id=\"3c6381a\" data-element_type=\"widget\" data-widget_type=\"spacer.default\">\n\t\t\t\t<div class=\"elementor-widget-container\">\n\t\t\t\t\t\t\t<div class=\"elementor-spacer\">\n\t\t\t<div class=\"elementor-spacer-inner\"><\/div>\n\t\t<\/div>\n\t\t\t\t\t\t<\/div>\n\t\t\t\t<\/div>\n\t\t\t\t\t<\/div>\n\t\t<\/div>\n\t\t\t\t\t<\/div>\n\t\t<\/section>\n\t\t\t\t<section class=\"elementor-section elementor-top-section elementor-element elementor-element-c702161 elementor-section-full_width evento-dia-nino elementor-section-height-default elementor-section-height-default\" data-id=\"c702161\" data-element_type=\"section\" data-settings=\"{&quot;background_background&quot;:&quot;classic&quot;}\">\n\t\t\t\t\t\t<div class=\"elementor-container elementor-column-gap-default\">\n\t\t\t\t\t<div class=\"elementor-column elementor-col-50 elementor-top-column elementor-element elementor-element-7baf7f5\" data-id=\"7baf7f5\" data-element_type=\"column\">\n\t\t\t<div class=\"elementor-widget-wrap elementor-element-populated\">\n\t\t\t\t\t\t<div class=\"elementor-element elementor-element-1109fb5 elementor-widget elementor-widget-image\" data-id=\"1109fb5\" data-element_type=\"widget\" data-widget_type=\"image.default\">\n\t\t\t\t<div class=\"elementor-widget-container\">\n\t\t\t\t\t\t\t\t\t\t\t\t\t\t\t<img decoding=\"async\" width=\"477\" height=\"593\" src=\"https:\/\/panoramicacartagena.com\/wp-content\/uploads\/2026\/04\/terraza-panoramica-dia-del-nino-cartagena.webp\" class=\"attachment-large size-large wp-image-2190\" alt=\"Evento del D\u00eda del Ni\u00f1o en Terraza Panor\u00e1mica Cartagena con inflable, actividades infantiles y m\u00fasica en vivo.\" srcset=\"https:\/\/panoramicacartagena.com\/wp-content\/uploads\/2026\/04\/terraza-panoramica-dia-del-nino-cartagena.webp 477w, https:\/\/panoramicacartagena.com\/wp-content\/uploads\/2026\/04\/terraza-panoramica-dia-del-nino-cartagena-241x300.webp 241w, https:\/\/panoramicacartagena.com\/wp-content\/uploads\/2026\/04\/terraza-panoramica-dia-del-nino-cartagena-10x12.webp 10w\" sizes=\"(max-width: 477px) 100vw, 477px\" \/>\t\t\t\t\t\t\t\t\t\t\t\t\t\t\t<\/div>\n\t\t\t\t<\/div>\n\t\t\t\t\t<\/div>\n\t\t<\/div>\n\t\t\t\t<div class=\"elementor-column elementor-col-50 elementor-top-column elementor-element elementor-element-be2001a\" data-id=\"be2001a\" data-element_type=\"column\">\n\t\t\t<div class=\"elementor-widget-wrap elementor-element-populated\">\n\t\t\t\t\t\t<div class=\"elementor-element elementor-element-67f4439 elementor-widget__width-initial elementor-widget-mobile__width-initial elementor-widget elementor-widget-heading\" data-id=\"67f4439\" data-element_type=\"widget\" data-widget_type=\"heading.default\">\n\t\t\t\t<div class=\"elementor-widget-container\">\n\t\t\t\t\t<h2 class=\"elementor-heading-title elementor-size-default\">D\u00cdA DEL NI\u00d1O<\/h2>\t\t\t\t<\/div>\n\t\t\t\t<\/div>\n\t\t\t\t<div class=\"elementor-element elementor-element-fa8eca4 elementor-widget__width-initial elementor-widget-tablet__width-initial elementor-widget-mobile__width-initial elementor-widget elementor-widget-text-editor\" data-id=\"fa8eca4\" data-element_type=\"widget\" data-widget_type=\"text-editor.default\">\n\t\t\t\t<div class=\"elementor-widget-container\">\n\t\t\t\t\t\t\t\t\t<p>Pap\u00e1s, lleg\u00f3 el plan perfecto para tus ni\u00f1os!\u2028Diversi\u00f3n, risas y momentos inolvidables\u2028Actividades infantiles + m\u00fasica en vivo<br \/>\u2028Por la compra de nuestra Cajita Feliz\u2026 \u00a1acceso GRATIS al saltar\u00edn!<\/p><p>Desde las 4:00pm<\/p><p>D\u00cdA<br \/>S\u00e1bado 25 de abril 2026<br \/>Domingo 26 de abril 2026<\/p>\t\t\t\t\t\t\t\t<\/div>\n\t\t\t\t<\/div>\n\t\t\t\t<div class=\"elementor-element elementor-element-637f7fd elementor-button-info elementor-align-left elementor-mobile-align-center elementor-widget elementor-widget-button\" data-id=\"637f7fd\" data-element_type=\"widget\" id=\"dia_del_nino\" data-widget_type=\"button.default\">\n\t\t\t\t<div class=\"elementor-widget-container\">\n\t\t\t\t\t\t\t\t\t<div class=\"elementor-button-wrapper\">\n\t\t\t\t\t<a class=\"elementor-button elementor-button-link elementor-size-sm elementor-animation-shrink\" href=\"https:\/\/wa.me\/573136278059?text=Hola%2C%20estoy%20interesado%20en%20recibir%20m%C3%A1s%20informaci%C3%B3n%20sobre%20el%20evento%20D%C3%ADa%20del%20Ni%C3%B1o%20en%20Terraza%20Panor%C3%A1mica.\" target=\"_blank\" id=\"evento_confirmation\">\n\t\t\t\t\t\t<span class=\"elementor-button-content-wrapper\">\n\t\t\t\t\t\t\t\t\t<span class=\"elementor-button-text\">M\u00e1s Informaci\u00f3n.<\/span>\n\t\t\t\t\t<\/span>\n\t\t\t\t\t<\/a>\n\t\t\t\t<\/div>\n\t\t\t\t\t\t\t\t<\/div>\n\t\t\t\t<\/div>\n\t\t\t\t<div class=\"elementor-element elementor-element-ed9bf96 elementor-widget elementor-widget-spacer\" data-id=\"ed9bf96\" data-element_type=\"widget\" data-widget_type=\"spacer.default\">\n\t\t\t\t<div class=\"elementor-widget-container\">\n\t\t\t\t\t\t\t<div class=\"elementor-spacer\">\n\t\t\t<div class=\"elementor-spacer-inner\"><\/div>\n\t\t<\/div>\n\t\t\t\t\t\t<\/div>\n\t\t\t\t<\/div>\n\t\t\t\t\t<\/div>\n\t\t<\/div>\n\t\t\t\t\t<\/div>\n\t\t<\/section>\n\t\t\t\t<section class=\"elementor-section elementor-top-section elementor-element elementor-element-4473820 elementor-section-full_width evento-mama-flow elementor-section-height-default elementor-section-height-default\" data-id=\"4473820\" data-element_type=\"section\" data-settings=\"{&quot;background_background&quot;:&quot;classic&quot;}\">\n\t\t\t\t\t\t<div class=\"elementor-container elementor-column-gap-default\">\n\t\t\t\t\t<div class=\"elementor-column elementor-col-50 elementor-top-column elementor-element elementor-element-c8df5d3\" data-id=\"c8df5d3\" data-element_type=\"column\">\n\t\t\t<div class=\"elementor-widget-wrap elementor-element-populated\">\n\t\t\t\t\t\t<div class=\"elementor-element elementor-element-4517839 elementor-widget elementor-widget-image\" data-id=\"4517839\" data-element_type=\"widget\" data-widget_type=\"image.default\">\n\t\t\t\t<div class=\"elementor-widget-container\">\n\t\t\t\t\t\t\t\t\t\t\t\t\t\t\t<img decoding=\"async\" width=\"482\" height=\"601\" src=\"https:\/\/panoramicacartagena.com\/wp-content\/uploads\/2026\/04\/terraza-panoramica-dia-de-la-madre-kevin-florez-cartagena.webp\" class=\"attachment-large size-large wp-image-2189\" alt=\"Evento del D\u00eda de la Madre en Terraza Panor\u00e1mica Cartagena con show de Kevin Fl\u00f3rez y familia celebrando.\" srcset=\"https:\/\/panoramicacartagena.com\/wp-content\/uploads\/2026\/04\/terraza-panoramica-dia-de-la-madre-kevin-florez-cartagena.webp 482w, https:\/\/panoramicacartagena.com\/wp-content\/uploads\/2026\/04\/terraza-panoramica-dia-de-la-madre-kevin-florez-cartagena-241x300.webp 241w, https:\/\/panoramicacartagena.com\/wp-content\/uploads\/2026\/04\/terraza-panoramica-dia-de-la-madre-kevin-florez-cartagena-10x12.webp 10w\" sizes=\"(max-width: 482px) 100vw, 482px\" \/>\t\t\t\t\t\t\t\t\t\t\t\t\t\t\t<\/div>\n\t\t\t\t<\/div>\n\t\t\t\t\t<\/div>\n\t\t<\/div>\n\t\t\t\t<div class=\"elementor-column elementor-col-50 elementor-top-column elementor-element elementor-element-3c6e4b6\" data-id=\"3c6e4b6\" data-element_type=\"column\">\n\t\t\t<div class=\"elementor-widget-wrap elementor-element-populated\">\n\t\t\t\t\t\t<div class=\"elementor-element elementor-element-6b78642 elementor-widget__width-initial elementor-widget-mobile__width-initial elementor-widget elementor-widget-heading\" data-id=\"6b78642\" data-element_type=\"widget\" data-widget_type=\"heading.default\">\n\t\t\t\t<div class=\"elementor-widget-container\">\n\t\t\t\t\t<h2 class=\"elementor-heading-title elementor-size-default\">MAM\u00c1 ES LA \nREINA DEL FLOW<\/h2>\t\t\t\t<\/div>\n\t\t\t\t<\/div>\n\t\t\t\t<div class=\"elementor-element elementor-element-06607ea elementor-widget__width-initial elementor-widget-tablet__width-initial elementor-widget-mobile__width-initial elementor-widget elementor-widget-text-editor\" data-id=\"06607ea\" data-element_type=\"widget\" data-widget_type=\"text-editor.default\">\n\t\t\t\t<div class=\"elementor-widget-container\">\n\t\t\t\t\t\t\t\t\t<p>Disfruta junto a mam\u00e1 de una tarde especial con concierto gratuito de Kevin Florez y m\u00fasica en vivo desde las 4:00 PM<\/p><p>\u00a0<\/p><p>Reserva tu cupo por $80.000 consumibles<\/p><p>\u00a0<\/p><p>Incluye: men\u00fa para mam\u00e1, flores y experiencia 360\u00b0 para capturar el momento.<br \/>*Cupos limitados.<\/p><p>\u00a0<\/p><p>D\u00cdA<br \/>S\u00e1bado 09 de mayo2026<\/p>\t\t\t\t\t\t\t\t<\/div>\n\t\t\t\t<\/div>\n\t\t\t\t<div class=\"elementor-element elementor-element-e76c4b1 elementor-button-info elementor-align-left elementor-mobile-align-center elementor-widget elementor-widget-button\" data-id=\"e76c4b1\" data-element_type=\"widget\" id=\"mama\" data-widget_type=\"button.default\">\n\t\t\t\t<div class=\"elementor-widget-container\">\n\t\t\t\t\t\t\t\t\t<div class=\"elementor-button-wrapper\">\n\t\t\t\t\t<a class=\"elementor-button elementor-button-link elementor-size-sm elementor-animation-shrink\" href=\"https:\/\/wa.me\/573136278059?text=Hola%2C%20estoy%20interesado%20en%20recibir%20m%C3%A1s%20informaci%C3%B3n%20sobre%20el%20evento%20Mam%C3%A1%20es%20la%20Reina%20del%20Flow%20en%20Terraza%20Panor%C3%A1mica.\" target=\"_blank\" id=\"evento_confirmation\">\n\t\t\t\t\t\t<span class=\"elementor-button-content-wrapper\">\n\t\t\t\t\t\t\t\t\t<span class=\"elementor-button-text\">M\u00e1s Informaci\u00f3n.<\/span>\n\t\t\t\t\t<\/span>\n\t\t\t\t\t<\/a>\n\t\t\t\t<\/div>\n\t\t\t\t\t\t\t\t<\/div>\n\t\t\t\t<\/div>\n\t\t\t\t<div class=\"elementor-element elementor-element-4f17fba elementor-widget elementor-widget-spacer\" data-id=\"4f17fba\" data-element_type=\"widget\" data-widget_type=\"spacer.default\">\n\t\t\t\t<div class=\"elementor-widget-container\">\n\t\t\t\t\t\t\t<div class=\"elementor-spacer\">\n\t\t\t<div class=\"elementor-spacer-inner\"><\/div>\n\t\t<\/div>\n\t\t\t\t\t\t<\/div>\n\t\t\t\t<\/div>\n\t\t\t\t\t<\/div>\n\t\t<\/div>\n\t\t\t\t\t<\/div>\n\t\t<\/section>\n\t\t\t\t<section class=\"elementor-section elementor-top-section elementor-element elementor-element-24b9b03 elementor-section-full_width evento-terraza-seleccion elementor-section-height-default elementor-section-height-default\" data-id=\"24b9b03\" data-element_type=\"section\" data-settings=\"{&quot;background_background&quot;:&quot;classic&quot;}\">\n\t\t\t\t\t\t<div class=\"elementor-container elementor-column-gap-default\">\n\t\t\t\t\t<div class=\"elementor-column elementor-col-50 elementor-top-column elementor-element elementor-element-568cda7\" data-id=\"568cda7\" data-element_type=\"column\">\n\t\t\t<div class=\"elementor-widget-wrap elementor-element-populated\">\n\t\t\t\t\t\t<div class=\"elementor-element elementor-element-87778de elementor-widget elementor-widget-image\" data-id=\"87778de\" data-element_type=\"widget\" data-widget_type=\"image.default\">\n\t\t\t\t<div class=\"elementor-widget-container\">\n\t\t\t\t\t\t\t\t\t\t\t\t\t\t\t<img loading=\"lazy\" decoding=\"async\" width=\"474\" height=\"601\" src=\"https:\/\/panoramicacartagena.com\/wp-content\/uploads\/2026\/04\/terraza-panoramica-la-terraza-de-la-seleccion-cartagena-1.webp\" class=\"attachment-large size-large wp-image-2192\" alt=\"Pieza promocional de La Terraza de la Selecci\u00f3n en Terraza Panor\u00e1mica Cartagena con tem\u00e1tica futbolera y celebraci\u00f3n.\" srcset=\"https:\/\/panoramicacartagena.com\/wp-content\/uploads\/2026\/04\/terraza-panoramica-la-terraza-de-la-seleccion-cartagena-1.webp 474w, https:\/\/panoramicacartagena.com\/wp-content\/uploads\/2026\/04\/terraza-panoramica-la-terraza-de-la-seleccion-cartagena-1-237x300.webp 237w, https:\/\/panoramicacartagena.com\/wp-content\/uploads\/2026\/04\/terraza-panoramica-la-terraza-de-la-seleccion-cartagena-1-9x12.webp 9w\" sizes=\"(max-width: 474px) 100vw, 474px\" \/>\t\t\t\t\t\t\t\t\t\t\t\t\t\t\t<\/div>\n\t\t\t\t<\/div>\n\t\t\t\t\t<\/div>\n\t\t<\/div>\n\t\t\t\t<div class=\"elementor-column elementor-col-50 elementor-top-column elementor-element elementor-element-fa4f1a5\" data-id=\"fa4f1a5\" data-element_type=\"column\">\n\t\t\t<div class=\"elementor-widget-wrap elementor-element-populated\">\n\t\t\t\t\t\t<div class=\"elementor-element elementor-element-6e57362 elementor-widget__width-initial elementor-widget-mobile__width-initial elementor-widget elementor-widget-heading\" data-id=\"6e57362\" data-element_type=\"widget\" data-widget_type=\"heading.default\">\n\t\t\t\t<div class=\"elementor-widget-container\">\n\t\t\t\t\t<h2 class=\"elementor-heading-title elementor-size-default\">LA TERRAZA\nDE LA SELECCI\u00d3N<\/h2>\t\t\t\t<\/div>\n\t\t\t\t<\/div>\n\t\t\t\t<div class=\"elementor-element elementor-element-106e230 elementor-widget__width-initial elementor-widget-tablet__width-initial elementor-widget-mobile__width-initial elementor-widget elementor-widget-text-editor\" data-id=\"106e230\" data-element_type=\"widget\" data-widget_type=\"text-editor.default\">\n\t\t\t\t<div class=\"elementor-widget-container\">\n\t\t\t\t\t\t\t\t\t<p>PROXIMAMENTE<\/p><p>\u00a0<\/p><p>\u00a0<\/p><p>\u00a0<\/p><p>\u00a0<\/p><p>\u00a0<\/p>\t\t\t\t\t\t\t\t<\/div>\n\t\t\t\t<\/div>\n\t\t\t\t<div class=\"elementor-element elementor-element-a9c9f9a elementor-button-info elementor-align-left elementor-mobile-align-center elementor-widget elementor-widget-button\" data-id=\"a9c9f9a\" data-element_type=\"widget\" id=\"seleccion_colombia\" data-widget_type=\"button.default\">\n\t\t\t\t<div class=\"elementor-widget-container\">\n\t\t\t\t\t\t\t\t\t<div class=\"elementor-button-wrapper\">\n\t\t\t\t\t<a class=\"elementor-button elementor-button-link elementor-size-sm elementor-animation-shrink\" href=\"https:\/\/wa.me\/573136278059?text=Hola%2C%20estoy%20interesado%20en%20recibir%20m%C3%A1s%20informaci%C3%B3n%20sobre%20La%20Terraza%20de%20la%20Selecci%C3%B3n%20en%20Terraza%20Panor%C3%A1mica.\" target=\"_blank\" id=\"evento_confirmation\">\n\t\t\t\t\t\t<span class=\"elementor-button-content-wrapper\">\n\t\t\t\t\t\t\t\t\t<span class=\"elementor-button-text\">M\u00e1s Informaci\u00f3n.<\/span>\n\t\t\t\t\t<\/span>\n\t\t\t\t\t<\/a>\n\t\t\t\t<\/div>\n\t\t\t\t\t\t\t\t<\/div>\n\t\t\t\t<\/div>\n\t\t\t\t<div class=\"elementor-element elementor-element-28a0b74 elementor-widget elementor-widget-spacer\" data-id=\"28a0b74\" data-element_type=\"widget\" data-widget_type=\"spacer.default\">\n\t\t\t\t<div class=\"elementor-widget-container\">\n\t\t\t\t\t\t\t<div class=\"elementor-spacer\">\n\t\t\t<div class=\"elementor-spacer-inner\"><\/div>\n\t\t<\/div>\n\t\t\t\t\t\t<\/div>\n\t\t\t\t<\/div>\n\t\t\t\t\t<\/div>\n\t\t<\/div>\n\t\t\t\t\t<\/div>\n\t\t<\/section>\n\t\t\t\t<section class=\"elementor-section elementor-top-section elementor-element elementor-element-64ef658 elementor-section-full_width evento-fiesta-luces elementor-section-height-default elementor-section-height-default\" data-id=\"64ef658\" data-element_type=\"section\" data-settings=\"{&quot;background_background&quot;:&quot;classic&quot;}\">\n\t\t\t\t\t\t<div class=\"elementor-container elementor-column-gap-default\">\n\t\t\t\t\t<div class=\"elementor-column elementor-col-50 elementor-top-column elementor-element elementor-element-8ecf33d\" data-id=\"8ecf33d\" data-element_type=\"column\">\n\t\t\t<div class=\"elementor-widget-wrap elementor-element-populated\">\n\t\t\t\t\t\t<div class=\"elementor-element elementor-element-0552a3d elementor-widget elementor-widget-image\" data-id=\"0552a3d\" data-element_type=\"widget\" data-widget_type=\"image.default\">\n\t\t\t\t<div class=\"elementor-widget-container\">\n\t\t\t\t\t\t\t\t\t\t\t\t\t\t\t<img loading=\"lazy\" decoding=\"async\" width=\"474\" height=\"601\" src=\"https:\/\/panoramicacartagena.com\/wp-content\/uploads\/2026\/04\/terraza-panoramica-fiesta-de-las-luces-2026-cartagena.webp\" class=\"attachment-large size-large wp-image-2204\" alt=\"Fiesta de Luces San Silvestre en Terraza Panor\u00e1mica Cartagena con fuegos artificiales y p\u00fablico celebrando.\" srcset=\"https:\/\/panoramicacartagena.com\/wp-content\/uploads\/2026\/04\/terraza-panoramica-fiesta-de-las-luces-2026-cartagena.webp 474w, https:\/\/panoramicacartagena.com\/wp-content\/uploads\/2026\/04\/terraza-panoramica-fiesta-de-las-luces-2026-cartagena-237x300.webp 237w, https:\/\/panoramicacartagena.com\/wp-content\/uploads\/2026\/04\/terraza-panoramica-fiesta-de-las-luces-2026-cartagena-9x12.webp 9w\" sizes=\"(max-width: 474px) 100vw, 474px\" \/>\t\t\t\t\t\t\t\t\t\t\t\t\t\t\t<\/div>\n\t\t\t\t<\/div>\n\t\t\t\t\t<\/div>\n\t\t<\/div>\n\t\t\t\t<div class=\"elementor-column elementor-col-50 elementor-top-column elementor-element elementor-element-16ae7d3\" data-id=\"16ae7d3\" data-element_type=\"column\">\n\t\t\t<div class=\"elementor-widget-wrap elementor-element-populated\">\n\t\t\t\t\t\t<div class=\"elementor-element elementor-element-820bb72 elementor-widget__width-initial elementor-widget-mobile__width-initial elementor-widget elementor-widget-heading\" data-id=\"820bb72\" data-element_type=\"widget\" data-widget_type=\"heading.default\">\n\t\t\t\t<div class=\"elementor-widget-container\">\n\t\t\t\t\t<h2 class=\"elementor-heading-title elementor-size-default\">FIESTA DE LAS\nLUCES 2026<\/h2>\t\t\t\t<\/div>\n\t\t\t\t<\/div>\n\t\t\t\t<div class=\"elementor-element elementor-element-c85de4b elementor-widget__width-initial elementor-widget-tablet__width-initial elementor-widget-mobile__width-initial elementor-widget elementor-widget-text-editor\" data-id=\"c85de4b\" data-element_type=\"widget\" data-widget_type=\"text-editor.default\">\n\t\t\t\t<div class=\"elementor-widget-container\">\n\t\t\t\t\t\t\t\t\t<p>Vive la noche mas iluminada de Cartagena. M\u00fasica para todos, shows en vivo y lo mejor de nuestra gastronom\u00eda.<\/p><p>\u00a0<\/p><p>\u00a0<\/p><p>\u00a0<\/p><p><br \/>PROXIMAMENTE<\/p>\t\t\t\t\t\t\t\t<\/div>\n\t\t\t\t<\/div>\n\t\t\t\t<div class=\"elementor-element elementor-element-515dee3 elementor-button-info elementor-align-left elementor-mobile-align-center elementor-widget elementor-widget-button\" data-id=\"515dee3\" data-element_type=\"widget\" id=\"fiesta_luces\" data-widget_type=\"button.default\">\n\t\t\t\t<div class=\"elementor-widget-container\">\n\t\t\t\t\t\t\t\t\t<div class=\"elementor-button-wrapper\">\n\t\t\t\t\t<a class=\"elementor-button elementor-button-link elementor-size-sm elementor-animation-shrink\" href=\"https:\/\/wa.me\/573136278059?text=Hola%2C%20estoy%20interesado%20en%20recibir%20m%C3%A1s%20informaci%C3%B3n%20sobre%20Fiesta%20de%20las%20Luces%202026%20en%20Terraza%20Panor%C3%A1mica.\" target=\"_blank\" id=\"evento_confirmation\">\n\t\t\t\t\t\t<span class=\"elementor-button-content-wrapper\">\n\t\t\t\t\t\t\t\t\t<span class=\"elementor-button-text\">M\u00e1s Informaci\u00f3n.<\/span>\n\t\t\t\t\t<\/span>\n\t\t\t\t\t<\/a>\n\t\t\t\t<\/div>\n\t\t\t\t\t\t\t\t<\/div>\n\t\t\t\t<\/div>\n\t\t\t\t\t<\/div>\n\t\t<\/div>\n\t\t\t\t\t<\/div>\n\t\t<\/section>\n\t\t\t\t<\/div>","protected":false},"excerpt":{"rendered":"<p>BURGER FEST Burger Fest lleg\u00f3 a Panor\u00e1mica Descubre la ITALIANI BURGER por solo $21.000El sabor de Italia en cada bocado. Desde las 4:00 pm D\u00cdADel 19 al 25 de abril 2026 M\u00e1s Informaci\u00f3n. D\u00cdA DEL NI\u00d1O Pap\u00e1s, lleg\u00f3 el plan perfecto para tus ni\u00f1os!\u2028Diversi\u00f3n, risas y momentos inolvidables\u2028Actividades infantiles + m\u00fasica en vivo\u2028Por la compra [&hellip;]<\/p>","protected":false},"author":1,"featured_media":0,"parent":0,"menu_order":0,"comment_status":"closed","ping_status":"closed","template":"","meta":{"footnotes":""},"class_list":["post-432","page","type-page","status-publish","hentry"],"_links":{"self":[{"href":"https:\/\/panoramicacartagena.com\/en\/wp-json\/wp\/v2\/pages\/432","targetHints":{"allow":["GET"]}}],"collection":[{"href":"https:\/\/panoramicacartagena.com\/en\/wp-json\/wp\/v2\/pages"}],"about":[{"href":"https:\/\/panoramicacartagena.com\/en\/wp-json\/wp\/v2\/types\/page"}],"author":[{"embeddable":true,"href":"https:\/\/panoramicacartagena.com\/en\/wp-json\/wp\/v2\/users\/1"}],"replies":[{"embeddable":true,"href":"https:\/\/panoramicacartagena.com\/en\/wp-json\/wp\/v2\/comments?post=432"}],"version-history":[{"count":43,"href":"https:\/\/panoramicacartagena.com\/en\/wp-json\/wp\/v2\/pages\/432\/revisions"}],"predecessor-version":[{"id":2297,"href":"https:\/\/panoramicacartagena.com\/en\/wp-json\/wp\/v2\/pages\/432\/revisions\/2297"}],"wp:attachment":[{"href":"https:\/\/panoramicacartagena.com\/en\/wp-json\/wp\/v2\/media?parent=432"}],"curies":[{"name":"wp","href":"https:\/\/api.w.org\/{rel}","templated":true}]}}